{"id":181,"date":"2024-05-23T19:32:28","date_gmt":"2024-05-23T17:32:28","guid":{"rendered":"https:\/\/www.superyachtchartermallorca.com\/?page_id=181"},"modified":"2026-03-25T18:30:29","modified_gmt":"2026-03-25T16:30:29","slug":"about-us","status":"publish","type":"page","link":"https:\/\/www.superyachtchartermallorca.com\/es\/about-us\/","title":{"rendered":"Nuestro Equipo"},"content":{"rendered":"\t\t<div data-elementor-type=\"wp-page\" data-elementor-id=\"181\" class=\"elementor elementor-181 elementor-126\" data-elementor-post-type=\"page\">\n\t\t\t\t<div class=\"elementor-element elementor-element-d86adda e-con-full e-flex e-con e-parent\" data-id=\"d86adda\" data-element_type=\"container\" data-settings=\"{&quot;background_background&quot;:&quot;classic&quot;}\">\n\t\t\t\t<div class=\"elementor-element elementor-element-e02db7f elementor-widget elementor-widget-image\" data-id=\"e02db7f\" data-element_type=\"widget\" data-widget_type=\"image.default\">\n\t\t\t\t<div class=\"elementor-widget-container\">\n\t\t\t\t\t\t\t\t\t\t\t\t\t\t\t<img fetchpriority=\"high\" decoding=\"async\" width=\"2560\" height=\"1991\" src=\"https:\/\/www.superyachtchartermallorca.com\/wp-content\/uploads\/sites\/2\/2025\/01\/puerto-mallorca-scaled-1.jpg\" class=\"attachment-full size-full wp-image-2020\" alt=\"\" srcset=\"https:\/\/www.superyachtchartermallorca.com\/wp-content\/uploads\/sites\/2\/2025\/01\/puerto-mallorca-scaled-1.jpg 2560w, https:\/\/www.superyachtchartermallorca.com\/wp-content\/uploads\/sites\/2\/2025\/01\/puerto-mallorca-scaled-1-992x772.jpg 992w, https:\/\/www.superyachtchartermallorca.com\/wp-content\/uploads\/sites\/2\/2025\/01\/puerto-mallorca-scaled-1-1543x1200.jpg 1543w, https:\/\/www.superyachtchartermallorca.com\/wp-content\/uploads\/sites\/2\/2025\/01\/puerto-mallorca-scaled-1-576x448.jpg 576w, https:\/\/www.superyachtchartermallorca.com\/wp-content\/uploads\/sites\/2\/2025\/01\/puerto-mallorca-scaled-1-768x597.jpg 768w, https:\/\/www.superyachtchartermallorca.com\/wp-content\/uploads\/sites\/2\/2025\/01\/puerto-mallorca-scaled-1-1536x1195.jpg 1536w, https:\/\/www.superyachtchartermallorca.com\/wp-content\/uploads\/sites\/2\/2025\/01\/puerto-mallorca-scaled-1-2048x1593.jpg 2048w, https:\/\/www.superyachtchartermallorca.com\/wp-content\/uploads\/sites\/2\/2025\/01\/puerto-mallorca-scaled-1-1900x1478.jpg 1900w\" sizes=\"(max-width: 2560px) 100vw, 2560px\" \/>\t\t\t\t\t\t\t\t\t\t\t\t\t\t\t<\/div>\n\t\t\t\t<\/div>\n\t\t<div class=\"elementor-element elementor-element-de8373c e-flex e-con-boxed e-con e-child\" data-id=\"de8373c\" data-element_type=\"container\" data-settings=\"{&quot;position&quot;:&quot;absolute&quot;}\">\n\t\t\t\t\t<div class=\"e-con-inner\">\n\t\t\t\t<div class=\"elementor-element elementor-element-8e08276 elementor-widget__width-initial elementor-widget elementor-widget-heading\" data-id=\"8e08276\" data-element_type=\"widget\" data-widget_type=\"heading.default\">\n\t\t\t\t<div class=\"elementor-widget-container\">\n\t\t\t\t\t<h1 class=\"elementor-heading-title elementor-size-default\">Nuestro Equipo<\/h1>\t\t\t\t<\/div>\n\t\t\t\t<\/div>\n\t\t\t\t<div class=\"elementor-element elementor-element-c410f32 elementor-widget__width-initial elementor-widget elementor-widget-text-editor\" data-id=\"c410f32\" data-element_type=\"widget\" data-widget_type=\"text-editor.default\">\n\t\t\t\t<div class=\"elementor-widget-container\">\n\t\t\t\t\t\t\t\t\t<p><span data-sheets-root=\"1\" data-sheets-value=\"{&quot;1&quot;:2,&quot;2&quot;:&quot;Cada uno especialista en su campo. Conoce a nuestro equipo que combina a\u00f1os de experiencia gestionando charters y creando experiencias excepcionales&quot;}\" data-sheets-userformat=\"{&quot;2&quot;:9213,&quot;3&quot;:{&quot;1&quot;:0},&quot;5&quot;:{&quot;1&quot;:[{&quot;1&quot;:2,&quot;2&quot;:0,&quot;5&quot;:{&quot;1&quot;:2,&quot;2&quot;:0}},{&quot;1&quot;:0,&quot;2&quot;:0,&quot;3&quot;:3},{&quot;1&quot;:1,&quot;2&quot;:0,&quot;4&quot;:1}]},&quot;6&quot;:{&quot;1&quot;:[{&quot;1&quot;:2,&quot;2&quot;:0,&quot;5&quot;:{&quot;1&quot;:2,&quot;2&quot;:0}},{&quot;1&quot;:0,&quot;2&quot;:0,&quot;3&quot;:3},{&quot;1&quot;:1,&quot;2&quot;:0,&quot;4&quot;:1}]},&quot;7&quot;:{&quot;1&quot;:[{&quot;1&quot;:2,&quot;2&quot;:0,&quot;5&quot;:{&quot;1&quot;:2,&quot;2&quot;:0}},{&quot;1&quot;:0,&quot;2&quot;:0,&quot;3&quot;:3},{&quot;1&quot;:1,&quot;2&quot;:0,&quot;4&quot;:1}]},&quot;8&quot;:{&quot;1&quot;:[{&quot;1&quot;:2,&quot;2&quot;:0,&quot;5&quot;:{&quot;1&quot;:2,&quot;2&quot;:0}},{&quot;1&quot;:0,&quot;2&quot;:0,&quot;3&quot;:3},{&quot;1&quot;:1,&quot;2&quot;:0,&quot;4&quot;:1}]},&quot;9&quot;:1,&quot;10&quot;:1,&quot;11&quot;:4,&quot;12&quot;:0,&quot;16&quot;:10}\">Cada uno especialista en su campo. Conoce a nuestro equipo que combina a\u00f1os de experiencia gestionando charters y creando experiencias excepcionales.<\/span><\/p>\t\t\t\t\t\t\t\t<\/div>\n\t\t\t\t<\/div>\n\t\t\t\t\t<\/div>\n\t\t\t\t<\/div>\n\t\t\t\t<\/div>\n\t\t<div class=\"elementor-element elementor-element-fe2b8fb e-con-full e-flex e-con e-parent\" data-id=\"fe2b8fb\" data-element_type=\"container\" data-settings=\"{&quot;background_background&quot;:&quot;classic&quot;}\">\n\t\t<div class=\"elementor-element elementor-element-bca6633 e-con-full e-flex e-con e-child\" data-id=\"bca6633\" data-element_type=\"container\" data-settings=\"{&quot;background_background&quot;:&quot;classic&quot;}\">\n\t\t\t\t<div class=\"elementor-element elementor-element-03e033c elementor-widget__width-initial elementor-widget-mobile__width-inherit elementor-widget elementor-widget-text-editor\" data-id=\"03e033c\" data-element_type=\"widget\" data-widget_type=\"text-editor.default\">\n\t\t\t\t<div class=\"elementor-widget-container\">\n\t\t\t\t\t\t\t\t\t<h2>El verdadero lujo es que tu profesi\u00f3n sea tu vocaci\u00f3n<\/h2><p><span data-sheets-root=\"1\" data-sheets-value=\"{&quot;1&quot;:2,&quot;2&quot;:&quot;Charter&amp;Dreams fue fundada en 2010 por 2 emprendedores apasionados por el mundo de los yates y el lujo: Judith Estrella y Joan Farell. \\n\\nSu objetivo era muy claro: Crear una empresa de alquiler de yates de lujo que se diferenciara del resto con el objetivo de gestionar el tiempo libre y la felicidad de sus clientes, y darles el mejor servicio personalizado, cuidando cada detalle. - Construyendo as\u00ed una s\u00f3lida relaci\u00f3n basada en la confianza y la garant\u00eda de excelencia.\\n\\nCharter&amp;Dreams es hoy un referente en el sector del Yachting ofreciendo su servicio de alquiler de yates en todo el mundo gracias a su know-how, excelencia y red de conexiones con las mejores empresas del sector.\\n\\nTraducci\u00f3n realizada con la versi\u00f3n gratuita del traductor DeepL.com&quot;}\" data-sheets-userformat=\"{&quot;2&quot;:9149,&quot;3&quot;:{&quot;1&quot;:0},&quot;5&quot;:{&quot;1&quot;:[{&quot;1&quot;:2,&quot;2&quot;:0,&quot;5&quot;:{&quot;1&quot;:2,&quot;2&quot;:0}},{&quot;1&quot;:0,&quot;2&quot;:0,&quot;3&quot;:3},{&quot;1&quot;:1,&quot;2&quot;:0,&quot;4&quot;:1}]},&quot;6&quot;:{&quot;1&quot;:[{&quot;1&quot;:2,&quot;2&quot;:0,&quot;5&quot;:{&quot;1&quot;:2,&quot;2&quot;:0}},{&quot;1&quot;:0,&quot;2&quot;:0,&quot;3&quot;:3},{&quot;1&quot;:1,&quot;2&quot;:0,&quot;4&quot;:1}]},&quot;7&quot;:{&quot;1&quot;:[{&quot;1&quot;:2,&quot;2&quot;:0,&quot;5&quot;:{&quot;1&quot;:2,&quot;2&quot;:0}},{&quot;1&quot;:0,&quot;2&quot;:0,&quot;3&quot;:3},{&quot;1&quot;:1,&quot;2&quot;:0,&quot;4&quot;:1}]},&quot;8&quot;:{&quot;1&quot;:[{&quot;1&quot;:2,&quot;2&quot;:0,&quot;5&quot;:{&quot;1&quot;:2,&quot;2&quot;:0}},{&quot;1&quot;:0,&quot;2&quot;:0,&quot;3&quot;:3},{&quot;1&quot;:1,&quot;2&quot;:0,&quot;4&quot;:1}]},&quot;10&quot;:0,&quot;11&quot;:4,&quot;12&quot;:0,&quot;16&quot;:10}\">Charter&amp;Dreams fue fundada en 2010 por 2 emprendedores apasionados por el mundo de los yates y el lujo: Judith Estrella y Joan Farell. <\/span><\/p><p>Su objetivo era muy claro: Crear una empresa de alquiler de yates de lujo que se diferenciara del resto con el objetivo de gestionar el tiempo libre y la felicidad de sus clientes, y darles el mejor servicio personalizado, cuidando cada detalle &#8211; Construyendo as\u00ed una s\u00f3lida relaci\u00f3n basada en la confianza y la garant\u00eda de excelencia.<\/p><p>Charter&amp;Dreams es hoy un referente en el sector del Yachting ofreciendo su servicio de alquiler de yates en todo el mundo gracias a su know-how, excelencia y red de conexiones con las mejores empresas del sector.<\/p>\t\t\t\t\t\t\t\t<\/div>\n\t\t\t\t<\/div>\n\t\t\t\t<\/div>\n\t\t<div class=\"elementor-element elementor-element-ffa8474 e-con-full e-flex e-con e-child\" data-id=\"ffa8474\" data-element_type=\"container\" data-settings=\"{&quot;background_background&quot;:&quot;classic&quot;}\">\n\t\t\t\t<\/div>\n\t\t\t\t<\/div>\n\t\t<div class=\"elementor-element elementor-element-4633724 e-flex e-con-boxed e-con e-parent\" data-id=\"4633724\" data-element_type=\"container\">\n\t\t\t\t\t<div class=\"e-con-inner\">\n\t\t\t\t<div class=\"elementor-element elementor-element-51a30f1 elementor-widget elementor-widget-heading\" data-id=\"51a30f1\" data-element_type=\"widget\" data-widget_type=\"heading.default\">\n\t\t\t\t<div class=\"elementor-widget-container\">\n\t\t\t\t\t<h2 class=\"elementor-heading-title elementor-size-default\">Nuestro Equipo<\/h2>\t\t\t\t<\/div>\n\t\t\t\t<\/div>\n\t\t\t\t<div class=\"elementor-element elementor-element-ff76a3d elementor-widget elementor-widget-text-editor\" data-id=\"ff76a3d\" data-element_type=\"widget\" data-widget_type=\"text-editor.default\">\n\t\t\t\t<div class=\"elementor-widget-container\">\n\t\t\t\t\t\t\t\t\t<p><span data-sheets-root=\"1\" data-sheets-value=\"{&quot;1&quot;:2,&quot;2&quot;:&quot;Con m\u00e1s de una d\u00e9cada de experiencia combinada y conocimientos de primera clase, nuestro equipo de expertos en alquiler de yates colabora para ofrecer experiencias de primera a cada hu\u00e9sped.&quot;}\" data-sheets-userformat=\"{&quot;2&quot;:897,&quot;3&quot;:{&quot;1&quot;:0},&quot;10&quot;:0,&quot;11&quot;:4,&quot;12&quot;:0}\">Apasionados por superar las expectativas de los clientes m\u00e1s exigentes y con un exhaustivo conocimiento del sector de los yates de lujo, nuestro equipo de expertos en alquiler de yates ofrece experiencias \u00fanicas y a medida de cada hu\u00e9sped.&nbsp;<\/span><\/p>\t\t\t\t\t\t\t\t<\/div>\n\t\t\t\t<\/div>\n\t\t\t\t\t<\/div>\n\t\t\t\t<\/div>\n\t\t<div class=\"elementor-element elementor-element-db0c8bc e-flex e-con-boxed e-con e-parent\" data-id=\"db0c8bc\" data-element_type=\"container\">\n\t\t\t\t\t<div class=\"e-con-inner\">\n\t\t<div class=\"elementor-element elementor-element-053e003 e-con-full e-flex e-con e-child\" data-id=\"053e003\" data-element_type=\"container\">\n\t\t\t\t<div class=\"elementor-element elementor-element-d41fee1 elementor-widget elementor-widget-image\" data-id=\"d41fee1\" data-element_type=\"widget\" data-widget_type=\"image.default\">\n\t\t\t\t<div class=\"elementor-widget-container\">\n\t\t\t\t\t\t\t\t\t\t\t\t\t\t\t<img decoding=\"async\" width=\"800\" height=\"1132\" src=\"https:\/\/www.superyachtchartermallorca.com\/wp-content\/uploads\/sites\/2\/2024\/05\/Judith_Photo-3-848x1200.png\" class=\"attachment-large size-large wp-image-159\" alt=\"\" srcset=\"https:\/\/www.superyachtchartermallorca.com\/wp-content\/uploads\/sites\/2\/2024\/05\/Judith_Photo-3-848x1200.png 848w, https:\/\/www.superyachtchartermallorca.com\/wp-content\/uploads\/sites\/2\/2024\/05\/Judith_Photo-3-701x992.png 701w, https:\/\/www.superyachtchartermallorca.com\/wp-content\/uploads\/sites\/2\/2024\/05\/Judith_Photo-3-407x576.png 407w, https:\/\/www.superyachtchartermallorca.com\/wp-content\/uploads\/sites\/2\/2024\/05\/Judith_Photo-3-768x1086.png 768w, https:\/\/www.superyachtchartermallorca.com\/wp-content\/uploads\/sites\/2\/2024\/05\/Judith_Photo-3-1086x1536.png 1086w, https:\/\/www.superyachtchartermallorca.com\/wp-content\/uploads\/sites\/2\/2024\/05\/Judith_Photo-3-1448x2048.png 1448w, https:\/\/www.superyachtchartermallorca.com\/wp-content\/uploads\/sites\/2\/2024\/05\/Judith_Photo-3.png 1587w\" sizes=\"(max-width: 800px) 100vw, 800px\" \/>\t\t\t\t\t\t\t\t\t\t\t\t\t\t\t<\/div>\n\t\t\t\t<\/div>\n\t\t\t\t<div class=\"elementor-element elementor-element-f94b445 elementor-widget-mobile__width-inherit elementor-widget elementor-widget-heading\" data-id=\"f94b445\" data-element_type=\"widget\" data-widget_type=\"heading.default\">\n\t\t\t\t<div class=\"elementor-widget-container\">\n\t\t\t\t\t<h3 class=\"elementor-heading-title elementor-size-default\">Judith Estrella<\/h3>\t\t\t\t<\/div>\n\t\t\t\t<\/div>\n\t\t\t\t<div class=\"elementor-element elementor-element-0385e85 elementor-widget-mobile__width-inherit elementor-widget elementor-widget-heading\" data-id=\"0385e85\" data-element_type=\"widget\" data-widget_type=\"heading.default\">\n\t\t\t\t<div class=\"elementor-widget-container\">\n\t\t\t\t\t<p class=\"elementor-heading-title elementor-size-default\">Co-Fundadora de Charter&amp;Dreams<\/p>\t\t\t\t<\/div>\n\t\t\t\t<\/div>\n\t\t\t\t<\/div>\n\t\t<div class=\"elementor-element elementor-element-bca4e08 e-con-full e-flex e-con e-child\" data-id=\"bca4e08\" data-element_type=\"container\">\n\t\t\t\t<div class=\"elementor-element elementor-element-6b9b35a elementor-widget elementor-widget-image\" data-id=\"6b9b35a\" data-element_type=\"widget\" data-widget_type=\"image.default\">\n\t\t\t\t<div class=\"elementor-widget-container\">\n\t\t\t\t\t\t\t\t\t\t\t\t\t\t\t<img decoding=\"async\" width=\"800\" height=\"1132\" src=\"https:\/\/www.superyachtchartermallorca.com\/wp-content\/uploads\/sites\/2\/2024\/05\/joan_web3-848x1200.jpg\" class=\"attachment-large size-large wp-image-162\" alt=\"\" srcset=\"https:\/\/www.superyachtchartermallorca.com\/wp-content\/uploads\/sites\/2\/2024\/05\/joan_web3-848x1200.jpg 848w, https:\/\/www.superyachtchartermallorca.com\/wp-content\/uploads\/sites\/2\/2024\/05\/joan_web3-701x992.jpg 701w, https:\/\/www.superyachtchartermallorca.com\/wp-content\/uploads\/sites\/2\/2024\/05\/joan_web3-407x576.jpg 407w, https:\/\/www.superyachtchartermallorca.com\/wp-content\/uploads\/sites\/2\/2024\/05\/joan_web3-768x1086.jpg 768w, https:\/\/www.superyachtchartermallorca.com\/wp-content\/uploads\/sites\/2\/2024\/05\/joan_web3-1086x1536.jpg 1086w, https:\/\/www.superyachtchartermallorca.com\/wp-content\/uploads\/sites\/2\/2024\/05\/joan_web3-1448x2048.jpg 1448w, https:\/\/www.superyachtchartermallorca.com\/wp-content\/uploads\/sites\/2\/2024\/05\/joan_web3.jpg 1587w\" sizes=\"(max-width: 800px) 100vw, 800px\" \/>\t\t\t\t\t\t\t\t\t\t\t\t\t\t\t<\/div>\n\t\t\t\t<\/div>\n\t\t\t\t<div class=\"elementor-element elementor-element-5e16231 elementor-widget-mobile__width-inherit elementor-widget elementor-widget-heading\" data-id=\"5e16231\" data-element_type=\"widget\" data-widget_type=\"heading.default\">\n\t\t\t\t<div class=\"elementor-widget-container\">\n\t\t\t\t\t<h3 class=\"elementor-heading-title elementor-size-default\">Joan Farell<\/h3>\t\t\t\t<\/div>\n\t\t\t\t<\/div>\n\t\t\t\t<div class=\"elementor-element elementor-element-cf972df elementor-widget-mobile__width-inherit elementor-widget elementor-widget-heading\" data-id=\"cf972df\" data-element_type=\"widget\" data-widget_type=\"heading.default\">\n\t\t\t\t<div class=\"elementor-widget-container\">\n\t\t\t\t\t<p class=\"elementor-heading-title elementor-size-default\">Co-Fundador de Chatrer&amp;Dreams<\/p>\t\t\t\t<\/div>\n\t\t\t\t<\/div>\n\t\t\t\t<\/div>\n\t\t\t\t\t<\/div>\n\t\t\t\t<\/div>\n\t\t<div class=\"elementor-element elementor-element-4783c222 e-flex e-con-boxed e-con e-parent\" data-id=\"4783c222\" data-element_type=\"container\">\n\t\t\t\t\t<div class=\"e-con-inner\">\n\t\t<div class=\"elementor-element elementor-element-28aaee9f e-con-full e-flex e-con e-child\" data-id=\"28aaee9f\" data-element_type=\"container\">\n\t\t\t\t<div class=\"elementor-element elementor-element-396ec2d5 elementor-widget elementor-widget-image\" data-id=\"396ec2d5\" data-element_type=\"widget\" data-widget_type=\"image.default\">\n\t\t\t\t<div class=\"elementor-widget-container\">\n\t\t\t\t\t\t\t\t\t\t\t\t\t\t\t<img loading=\"lazy\" decoding=\"async\" width=\"800\" height=\"1132\" src=\"https:\/\/www.superyachtchartermallorca.com\/wp-content\/uploads\/sites\/2\/2026\/03\/claudiab-848x1200.jpg\" class=\"attachment-large size-large wp-image-2719\" alt=\"\" srcset=\"https:\/\/www.superyachtchartermallorca.com\/wp-content\/uploads\/sites\/2\/2026\/03\/claudiab-848x1200.jpg 848w, https:\/\/www.superyachtchartermallorca.com\/wp-content\/uploads\/sites\/2\/2026\/03\/claudiab-701x992.jpg 701w, https:\/\/www.superyachtchartermallorca.com\/wp-content\/uploads\/sites\/2\/2026\/03\/claudiab-407x576.jpg 407w, https:\/\/www.superyachtchartermallorca.com\/wp-content\/uploads\/sites\/2\/2026\/03\/claudiab-768x1086.jpg 768w, https:\/\/www.superyachtchartermallorca.com\/wp-content\/uploads\/sites\/2\/2026\/03\/claudiab-1086x1536.jpg 1086w, https:\/\/www.superyachtchartermallorca.com\/wp-content\/uploads\/sites\/2\/2026\/03\/claudiab-1448x2048.jpg 1448w, https:\/\/www.superyachtchartermallorca.com\/wp-content\/uploads\/sites\/2\/2026\/03\/claudiab.jpg 1587w\" sizes=\"(max-width: 800px) 100vw, 800px\" \/>\t\t\t\t\t\t\t\t\t\t\t\t\t\t\t<\/div>\n\t\t\t\t<\/div>\n\t\t\t\t<div class=\"elementor-element elementor-element-616d68d4 elementor-widget-mobile__width-inherit elementor-widget elementor-widget-heading\" data-id=\"616d68d4\" data-element_type=\"widget\" data-widget_type=\"heading.default\">\n\t\t\t\t<div class=\"elementor-widget-container\">\n\t\t\t\t\t<h3 class=\"elementor-heading-title elementor-size-default\">Claudia Bonet<\/h3>\t\t\t\t<\/div>\n\t\t\t\t<\/div>\n\t\t\t\t<div class=\"elementor-element elementor-element-d5d2928 elementor-widget-mobile__width-inherit elementor-widget elementor-widget-heading\" data-id=\"d5d2928\" data-element_type=\"widget\" data-widget_type=\"heading.default\">\n\t\t\t\t<div class=\"elementor-widget-container\">\n\t\t\t\t\t<p class=\"elementor-heading-title elementor-size-default\">Directora Financiera<\/p>\t\t\t\t<\/div>\n\t\t\t\t<\/div>\n\t\t\t\t<\/div>\n\t\t<div class=\"elementor-element elementor-element-2be7fe41 e-con-full e-flex e-con e-child\" data-id=\"2be7fe41\" data-element_type=\"container\">\n\t\t\t\t<div class=\"elementor-element elementor-element-6dcb48ae elementor-widget elementor-widget-image\" data-id=\"6dcb48ae\" data-element_type=\"widget\" data-widget_type=\"image.default\">\n\t\t\t\t<div class=\"elementor-widget-container\">\n\t\t\t\t\t\t\t\t\t\t\t\t\t\t\t<img loading=\"lazy\" decoding=\"async\" width=\"800\" height=\"1132\" src=\"https:\/\/www.superyachtchartermallorca.com\/wp-content\/uploads\/sites\/2\/2026\/03\/Xavi-web24-848x1200.jpg\" class=\"attachment-large size-large wp-image-2722\" alt=\"\" srcset=\"https:\/\/www.superyachtchartermallorca.com\/wp-content\/uploads\/sites\/2\/2026\/03\/Xavi-web24-848x1200.jpg 848w, https:\/\/www.superyachtchartermallorca.com\/wp-content\/uploads\/sites\/2\/2026\/03\/Xavi-web24-701x992.jpg 701w, https:\/\/www.superyachtchartermallorca.com\/wp-content\/uploads\/sites\/2\/2026\/03\/Xavi-web24-407x576.jpg 407w, https:\/\/www.superyachtchartermallorca.com\/wp-content\/uploads\/sites\/2\/2026\/03\/Xavi-web24-768x1086.jpg 768w, https:\/\/www.superyachtchartermallorca.com\/wp-content\/uploads\/sites\/2\/2026\/03\/Xavi-web24-1086x1536.jpg 1086w, https:\/\/www.superyachtchartermallorca.com\/wp-content\/uploads\/sites\/2\/2026\/03\/Xavi-web24-1448x2048.jpg 1448w, https:\/\/www.superyachtchartermallorca.com\/wp-content\/uploads\/sites\/2\/2026\/03\/Xavi-web24.jpg 1587w\" sizes=\"(max-width: 800px) 100vw, 800px\" \/>\t\t\t\t\t\t\t\t\t\t\t\t\t\t\t<\/div>\n\t\t\t\t<\/div>\n\t\t\t\t<div class=\"elementor-element elementor-element-267c26b6 elementor-widget-mobile__width-inherit elementor-widget elementor-widget-heading\" data-id=\"267c26b6\" data-element_type=\"widget\" data-widget_type=\"heading.default\">\n\t\t\t\t<div class=\"elementor-widget-container\">\n\t\t\t\t\t<h3 class=\"elementor-heading-title elementor-size-default\">Xavi Fisas<\/h3>\t\t\t\t<\/div>\n\t\t\t\t<\/div>\n\t\t\t\t<div class=\"elementor-element elementor-element-78c3843d elementor-widget-mobile__width-inherit elementor-widget elementor-widget-heading\" data-id=\"78c3843d\" data-element_type=\"widget\" data-widget_type=\"heading.default\">\n\t\t\t\t<div class=\"elementor-widget-container\">\n\t\t\t\t\t<p class=\"elementor-heading-title elementor-size-default\">Director de IT y Operaciones<\/p>\t\t\t\t<\/div>\n\t\t\t\t<\/div>\n\t\t\t\t<\/div>\n\t\t<div class=\"elementor-element elementor-element-1e00c2db e-con-full e-flex e-con e-child\" data-id=\"1e00c2db\" data-element_type=\"container\">\n\t\t\t\t<div class=\"elementor-element elementor-element-14adfe6c elementor-widget elementor-widget-image\" data-id=\"14adfe6c\" data-element_type=\"widget\" data-widget_type=\"image.default\">\n\t\t\t\t<div class=\"elementor-widget-container\">\n\t\t\t\t\t\t\t\t\t\t\t\t\t\t\t<img loading=\"lazy\" decoding=\"async\" width=\"800\" height=\"860\" src=\"https:\/\/www.superyachtchartermallorca.com\/wp-content\/uploads\/sites\/2\/2026\/03\/Laura-web4.png\" class=\"attachment-large size-large wp-image-2725\" alt=\"\" srcset=\"https:\/\/www.superyachtchartermallorca.com\/wp-content\/uploads\/sites\/2\/2026\/03\/Laura-web4.png 1020w, https:\/\/www.superyachtchartermallorca.com\/wp-content\/uploads\/sites\/2\/2026\/03\/Laura-web4-923x992.png 923w, https:\/\/www.superyachtchartermallorca.com\/wp-content\/uploads\/sites\/2\/2026\/03\/Laura-web4-536x576.png 536w, https:\/\/www.superyachtchartermallorca.com\/wp-content\/uploads\/sites\/2\/2026\/03\/Laura-web4-768x825.png 768w\" sizes=\"(max-width: 800px) 100vw, 800px\" \/>\t\t\t\t\t\t\t\t\t\t\t\t\t\t\t<\/div>\n\t\t\t\t<\/div>\n\t\t\t\t<div class=\"elementor-element elementor-element-2b81af39 elementor-widget-mobile__width-inherit elementor-widget elementor-widget-heading\" data-id=\"2b81af39\" data-element_type=\"widget\" data-widget_type=\"heading.default\">\n\t\t\t\t<div class=\"elementor-widget-container\">\n\t\t\t\t\t<h3 class=\"elementor-heading-title elementor-size-default\">Laura Salcedo<\/h3>\t\t\t\t<\/div>\n\t\t\t\t<\/div>\n\t\t\t\t<div class=\"elementor-element elementor-element-38aec3ec elementor-widget-mobile__width-inherit elementor-widget elementor-widget-heading\" data-id=\"38aec3ec\" data-element_type=\"widget\" data-widget_type=\"heading.default\">\n\t\t\t\t<div class=\"elementor-widget-container\">\n\t\t\t\t\t<p class=\"elementor-heading-title elementor-size-default\">Asistente de Direcci\u00f3n<\/p>\t\t\t\t<\/div>\n\t\t\t\t<\/div>\n\t\t\t\t<\/div>\n\t\t<div class=\"elementor-element elementor-element-5a412ad1 e-con-full e-flex e-con e-child\" data-id=\"5a412ad1\" data-element_type=\"container\">\n\t\t\t\t<div class=\"elementor-element elementor-element-2777573 elementor-widget elementor-widget-image\" data-id=\"2777573\" data-element_type=\"widget\" data-widget_type=\"image.default\">\n\t\t\t\t<div class=\"elementor-widget-container\">\n\t\t\t\t\t\t\t\t\t\t\t\t\t\t\t<img loading=\"lazy\" decoding=\"async\" width=\"800\" height=\"863\" src=\"https:\/\/www.superyachtchartermallorca.com\/wp-content\/uploads\/sites\/2\/2026\/03\/Olympia3-1113x1200.webp\" class=\"attachment-large size-large wp-image-2728\" alt=\"\" srcset=\"https:\/\/www.superyachtchartermallorca.com\/wp-content\/uploads\/sites\/2\/2026\/03\/Olympia3-1113x1200.webp 1113w, https:\/\/www.superyachtchartermallorca.com\/wp-content\/uploads\/sites\/2\/2026\/03\/Olympia3-920x992.webp 920w, https:\/\/www.superyachtchartermallorca.com\/wp-content\/uploads\/sites\/2\/2026\/03\/Olympia3-534x576.webp 534w, https:\/\/www.superyachtchartermallorca.com\/wp-content\/uploads\/sites\/2\/2026\/03\/Olympia3-768x828.webp 768w, https:\/\/www.superyachtchartermallorca.com\/wp-content\/uploads\/sites\/2\/2026\/03\/Olympia3-1424x1536.webp 1424w, https:\/\/www.superyachtchartermallorca.com\/wp-content\/uploads\/sites\/2\/2026\/03\/Olympia3.webp 1899w\" sizes=\"(max-width: 800px) 100vw, 800px\" \/>\t\t\t\t\t\t\t\t\t\t\t\t\t\t\t<\/div>\n\t\t\t\t<\/div>\n\t\t\t\t<div class=\"elementor-element elementor-element-6720d753 elementor-widget-mobile__width-inherit elementor-widget elementor-widget-heading\" data-id=\"6720d753\" data-element_type=\"widget\" data-widget_type=\"heading.default\">\n\t\t\t\t<div class=\"elementor-widget-container\">\n\t\t\t\t\t<h3 class=\"elementor-heading-title elementor-size-default\">Olympia Konigkramer<\/h3>\t\t\t\t<\/div>\n\t\t\t\t<\/div>\n\t\t\t\t<div class=\"elementor-element elementor-element-7b4f3bd9 elementor-widget-mobile__width-inherit elementor-widget elementor-widget-heading\" data-id=\"7b4f3bd9\" data-element_type=\"widget\" data-widget_type=\"heading.default\">\n\t\t\t\t<div class=\"elementor-widget-container\">\n\t\t\t\t\t<p class=\"elementor-heading-title elementor-size-default\">Charter Manager<\/p>\t\t\t\t<\/div>\n\t\t\t\t<\/div>\n\t\t\t\t<\/div>\n\t\t<div class=\"elementor-element elementor-element-287144ba e-con-full e-flex e-con e-child\" data-id=\"287144ba\" data-element_type=\"container\">\n\t\t\t\t<div class=\"elementor-element elementor-element-443f9a9d elementor-widget elementor-widget-image\" data-id=\"443f9a9d\" data-element_type=\"widget\" data-widget_type=\"image.default\">\n\t\t\t\t<div class=\"elementor-widget-container\">\n\t\t\t\t\t\t\t\t\t\t\t\t\t\t\t<img loading=\"lazy\" decoding=\"async\" width=\"800\" height=\"860\" src=\"https:\/\/www.superyachtchartermallorca.com\/wp-content\/uploads\/sites\/2\/2026\/03\/Carla-camiseta-copia2.jpg\" class=\"attachment-large size-large wp-image-2731\" alt=\"\" srcset=\"https:\/\/www.superyachtchartermallorca.com\/wp-content\/uploads\/sites\/2\/2026\/03\/Carla-camiseta-copia2.jpg 1020w, https:\/\/www.superyachtchartermallorca.com\/wp-content\/uploads\/sites\/2\/2026\/03\/Carla-camiseta-copia2-923x992.jpg 923w, https:\/\/www.superyachtchartermallorca.com\/wp-content\/uploads\/sites\/2\/2026\/03\/Carla-camiseta-copia2-536x576.jpg 536w, https:\/\/www.superyachtchartermallorca.com\/wp-content\/uploads\/sites\/2\/2026\/03\/Carla-camiseta-copia2-768x825.jpg 768w\" sizes=\"(max-width: 800px) 100vw, 800px\" \/>\t\t\t\t\t\t\t\t\t\t\t\t\t\t\t<\/div>\n\t\t\t\t<\/div>\n\t\t\t\t<div class=\"elementor-element elementor-element-35070b5 elementor-widget-mobile__width-inherit elementor-widget elementor-widget-heading\" data-id=\"35070b5\" data-element_type=\"widget\" data-widget_type=\"heading.default\">\n\t\t\t\t<div class=\"elementor-widget-container\">\n\t\t\t\t\t<h3 class=\"elementor-heading-title elementor-size-default\">Carla Soucase<\/h3>\t\t\t\t<\/div>\n\t\t\t\t<\/div>\n\t\t\t\t<div class=\"elementor-element elementor-element-52f8c767 elementor-widget-mobile__width-inherit elementor-widget elementor-widget-heading\" data-id=\"52f8c767\" data-element_type=\"widget\" data-widget_type=\"heading.default\">\n\t\t\t\t<div class=\"elementor-widget-container\">\n\t\t\t\t\t<p class=\"elementor-heading-title elementor-size-default\">Charter Manager<\/p>\t\t\t\t<\/div>\n\t\t\t\t<\/div>\n\t\t\t\t<\/div>\n\t\t<div class=\"elementor-element elementor-element-406a496d e-con-full e-flex e-con e-child\" data-id=\"406a496d\" data-element_type=\"container\">\n\t\t\t\t<div class=\"elementor-element elementor-element-5150290a elementor-widget elementor-widget-image\" data-id=\"5150290a\" data-element_type=\"widget\" data-widget_type=\"image.default\">\n\t\t\t\t<div class=\"elementor-widget-container\">\n\t\t\t\t\t\t\t\t\t\t\t\t\t\t\t<img loading=\"lazy\" decoding=\"async\" width=\"800\" height=\"860\" src=\"https:\/\/www.superyachtchartermallorca.com\/wp-content\/uploads\/sites\/2\/2026\/03\/Annick-web-3.jpg\" class=\"attachment-large size-large wp-image-2734\" alt=\"\" srcset=\"https:\/\/www.superyachtchartermallorca.com\/wp-content\/uploads\/sites\/2\/2026\/03\/Annick-web-3.jpg 1020w, https:\/\/www.superyachtchartermallorca.com\/wp-content\/uploads\/sites\/2\/2026\/03\/Annick-web-3-923x992.jpg 923w, https:\/\/www.superyachtchartermallorca.com\/wp-content\/uploads\/sites\/2\/2026\/03\/Annick-web-3-536x576.jpg 536w, https:\/\/www.superyachtchartermallorca.com\/wp-content\/uploads\/sites\/2\/2026\/03\/Annick-web-3-768x825.jpg 768w\" sizes=\"(max-width: 800px) 100vw, 800px\" \/>\t\t\t\t\t\t\t\t\t\t\t\t\t\t\t<\/div>\n\t\t\t\t<\/div>\n\t\t\t\t<div class=\"elementor-element elementor-element-73e057e6 elementor-widget-mobile__width-inherit elementor-widget elementor-widget-heading\" data-id=\"73e057e6\" data-element_type=\"widget\" data-widget_type=\"heading.default\">\n\t\t\t\t<div class=\"elementor-widget-container\">\n\t\t\t\t\t<h3 class=\"elementor-heading-title elementor-size-default\">Annick Burga<\/h3>\t\t\t\t<\/div>\n\t\t\t\t<\/div>\n\t\t\t\t<div class=\"elementor-element elementor-element-7995a51b elementor-widget-mobile__width-inherit elementor-widget elementor-widget-heading\" data-id=\"7995a51b\" data-element_type=\"widget\" data-widget_type=\"heading.default\">\n\t\t\t\t<div class=\"elementor-widget-container\">\n\t\t\t\t\t<p class=\"elementor-heading-title elementor-size-default\">Charter Manager<\/p>\t\t\t\t<\/div>\n\t\t\t\t<\/div>\n\t\t\t\t<\/div>\n\t\t<div class=\"elementor-element elementor-element-38893f88 e-con-full e-flex e-con e-child\" data-id=\"38893f88\" data-element_type=\"container\">\n\t\t\t\t<div class=\"elementor-element elementor-element-69b933d6 elementor-widget elementor-widget-image\" data-id=\"69b933d6\" data-element_type=\"widget\" data-widget_type=\"image.default\">\n\t\t\t\t<div class=\"elementor-widget-container\">\n\t\t\t\t\t\t\t\t\t\t\t\t\t\t\t<img loading=\"lazy\" decoding=\"async\" width=\"800\" height=\"863\" src=\"https:\/\/www.superyachtchartermallorca.com\/wp-content\/uploads\/sites\/2\/2026\/03\/Rosario-scaled-1-1113x1200.jpg\" class=\"attachment-large size-large wp-image-2737\" alt=\"\" srcset=\"https:\/\/www.superyachtchartermallorca.com\/wp-content\/uploads\/sites\/2\/2026\/03\/Rosario-scaled-1-1113x1200.jpg 1113w, https:\/\/www.superyachtchartermallorca.com\/wp-content\/uploads\/sites\/2\/2026\/03\/Rosario-scaled-1-920x992.jpg 920w, https:\/\/www.superyachtchartermallorca.com\/wp-content\/uploads\/sites\/2\/2026\/03\/Rosario-scaled-1-534x576.jpg 534w, https:\/\/www.superyachtchartermallorca.com\/wp-content\/uploads\/sites\/2\/2026\/03\/Rosario-scaled-1-768x828.jpg 768w, https:\/\/www.superyachtchartermallorca.com\/wp-content\/uploads\/sites\/2\/2026\/03\/Rosario-scaled-1-1424x1536.jpg 1424w, https:\/\/www.superyachtchartermallorca.com\/wp-content\/uploads\/sites\/2\/2026\/03\/Rosario-scaled-1-1899x2048.jpg 1899w, https:\/\/www.superyachtchartermallorca.com\/wp-content\/uploads\/sites\/2\/2026\/03\/Rosario-scaled-1-1900x2049.jpg 1900w\" sizes=\"(max-width: 800px) 100vw, 800px\" \/>\t\t\t\t\t\t\t\t\t\t\t\t\t\t\t<\/div>\n\t\t\t\t<\/div>\n\t\t\t\t<div class=\"elementor-element elementor-element-5676972b elementor-widget-mobile__width-inherit elementor-widget elementor-widget-heading\" data-id=\"5676972b\" data-element_type=\"widget\" data-widget_type=\"heading.default\">\n\t\t\t\t<div class=\"elementor-widget-container\">\n\t\t\t\t\t<h3 class=\"elementor-heading-title elementor-size-default\">Rosario Cellier<\/h3>\t\t\t\t<\/div>\n\t\t\t\t<\/div>\n\t\t\t\t<div class=\"elementor-element elementor-element-55d7dc42 elementor-widget-mobile__width-inherit elementor-widget elementor-widget-heading\" data-id=\"55d7dc42\" data-element_type=\"widget\" data-widget_type=\"heading.default\">\n\t\t\t\t<div class=\"elementor-widget-container\">\n\t\t\t\t\t<p class=\"elementor-heading-title elementor-size-default\">Charter Broker<\/p>\t\t\t\t<\/div>\n\t\t\t\t<\/div>\n\t\t\t\t<\/div>\n\t\t<div class=\"elementor-element elementor-element-15583a58 e-con-full e-flex e-con e-child\" data-id=\"15583a58\" data-element_type=\"container\">\n\t\t\t\t<div class=\"elementor-element elementor-element-25a1d71d elementor-widget elementor-widget-image\" data-id=\"25a1d71d\" data-element_type=\"widget\" data-widget_type=\"image.default\">\n\t\t\t\t<div class=\"elementor-widget-container\">\n\t\t\t\t\t\t\t\t\t\t\t\t\t\t\t<img loading=\"lazy\" decoding=\"async\" width=\"800\" height=\"860\" src=\"https:\/\/www.superyachtchartermallorca.com\/wp-content\/uploads\/sites\/2\/2026\/03\/Zaid-web.jpg\" class=\"attachment-large size-large wp-image-2740\" alt=\"\" srcset=\"https:\/\/www.superyachtchartermallorca.com\/wp-content\/uploads\/sites\/2\/2026\/03\/Zaid-web.jpg 1020w, https:\/\/www.superyachtchartermallorca.com\/wp-content\/uploads\/sites\/2\/2026\/03\/Zaid-web-923x992.jpg 923w, https:\/\/www.superyachtchartermallorca.com\/wp-content\/uploads\/sites\/2\/2026\/03\/Zaid-web-536x576.jpg 536w, https:\/\/www.superyachtchartermallorca.com\/wp-content\/uploads\/sites\/2\/2026\/03\/Zaid-web-768x825.jpg 768w\" sizes=\"(max-width: 800px) 100vw, 800px\" \/>\t\t\t\t\t\t\t\t\t\t\t\t\t\t\t<\/div>\n\t\t\t\t<\/div>\n\t\t\t\t<div class=\"elementor-element elementor-element-4361d4ce elementor-widget-mobile__width-inherit elementor-widget elementor-widget-heading\" data-id=\"4361d4ce\" data-element_type=\"widget\" data-widget_type=\"heading.default\">\n\t\t\t\t<div class=\"elementor-widget-container\">\n\t\t\t\t\t<h3 class=\"elementor-heading-title elementor-size-default\">Zaid Majal<\/h3>\t\t\t\t<\/div>\n\t\t\t\t<\/div>\n\t\t\t\t<div class=\"elementor-element elementor-element-70739729 elementor-widget-mobile__width-inherit elementor-widget elementor-widget-heading\" data-id=\"70739729\" data-element_type=\"widget\" data-widget_type=\"heading.default\">\n\t\t\t\t<div class=\"elementor-widget-container\">\n\t\t\t\t\t<p class=\"elementor-heading-title elementor-size-default\">Charter Broker<\/p>\t\t\t\t<\/div>\n\t\t\t\t<\/div>\n\t\t\t\t<\/div>\n\t\t<div class=\"elementor-element elementor-element-5a022757 e-con-full e-flex e-con e-child\" data-id=\"5a022757\" data-element_type=\"container\">\n\t\t\t\t<div class=\"elementor-element elementor-element-4507707f elementor-widget elementor-widget-image\" data-id=\"4507707f\" data-element_type=\"widget\" data-widget_type=\"image.default\">\n\t\t\t\t<div class=\"elementor-widget-container\">\n\t\t\t\t\t\t\t\t\t\t\t\t\t\t\t<img loading=\"lazy\" decoding=\"async\" width=\"800\" height=\"860\" src=\"https:\/\/www.superyachtchartermallorca.com\/wp-content\/uploads\/sites\/2\/2026\/03\/Steven-web.jpg\" class=\"attachment-large size-large wp-image-2743\" alt=\"\" srcset=\"https:\/\/www.superyachtchartermallorca.com\/wp-content\/uploads\/sites\/2\/2026\/03\/Steven-web.jpg 1020w, https:\/\/www.superyachtchartermallorca.com\/wp-content\/uploads\/sites\/2\/2026\/03\/Steven-web-923x992.jpg 923w, https:\/\/www.superyachtchartermallorca.com\/wp-content\/uploads\/sites\/2\/2026\/03\/Steven-web-536x576.jpg 536w, https:\/\/www.superyachtchartermallorca.com\/wp-content\/uploads\/sites\/2\/2026\/03\/Steven-web-768x825.jpg 768w\" sizes=\"(max-width: 800px) 100vw, 800px\" \/>\t\t\t\t\t\t\t\t\t\t\t\t\t\t\t<\/div>\n\t\t\t\t<\/div>\n\t\t\t\t<div class=\"elementor-element elementor-element-67a529f8 elementor-widget-mobile__width-inherit elementor-widget elementor-widget-heading\" data-id=\"67a529f8\" data-element_type=\"widget\" data-widget_type=\"heading.default\">\n\t\t\t\t<div class=\"elementor-widget-container\">\n\t\t\t\t\t<h3 class=\"elementor-heading-title elementor-size-default\">Steven Peters<\/h3>\t\t\t\t<\/div>\n\t\t\t\t<\/div>\n\t\t\t\t<div class=\"elementor-element elementor-element-5269c727 elementor-widget-mobile__width-inherit elementor-widget elementor-widget-heading\" data-id=\"5269c727\" data-element_type=\"widget\" data-widget_type=\"heading.default\">\n\t\t\t\t<div class=\"elementor-widget-container\">\n\t\t\t\t\t<p class=\"elementor-heading-title elementor-size-default\">Charter Broker<\/p>\t\t\t\t<\/div>\n\t\t\t\t<\/div>\n\t\t\t\t<\/div>\n\t\t<div class=\"elementor-element elementor-element-648c1baa e-con-full e-flex e-con e-child\" data-id=\"648c1baa\" data-element_type=\"container\">\n\t\t\t\t<div class=\"elementor-element elementor-element-4ace5dd0 elementor-widget elementor-widget-image\" data-id=\"4ace5dd0\" data-element_type=\"widget\" data-widget_type=\"image.default\">\n\t\t\t\t<div class=\"elementor-widget-container\">\n\t\t\t\t\t\t\t\t\t\t\t\t\t\t\t<img loading=\"lazy\" decoding=\"async\" width=\"800\" height=\"738\" src=\"https:\/\/www.superyachtchartermallorca.com\/wp-content\/uploads\/sites\/2\/2026\/03\/Markee-web-2.jpg\" class=\"attachment-large size-large wp-image-2746\" alt=\"\" srcset=\"https:\/\/www.superyachtchartermallorca.com\/wp-content\/uploads\/sites\/2\/2026\/03\/Markee-web-2.jpg 1020w, https:\/\/www.superyachtchartermallorca.com\/wp-content\/uploads\/sites\/2\/2026\/03\/Markee-web-2-992x915.jpg 992w, https:\/\/www.superyachtchartermallorca.com\/wp-content\/uploads\/sites\/2\/2026\/03\/Markee-web-2-576x531.jpg 576w, https:\/\/www.superyachtchartermallorca.com\/wp-content\/uploads\/sites\/2\/2026\/03\/Markee-web-2-768x709.jpg 768w\" sizes=\"(max-width: 800px) 100vw, 800px\" \/>\t\t\t\t\t\t\t\t\t\t\t\t\t\t\t<\/div>\n\t\t\t\t<\/div>\n\t\t\t\t<div class=\"elementor-element elementor-element-922083a elementor-widget-mobile__width-inherit elementor-widget elementor-widget-heading\" data-id=\"922083a\" data-element_type=\"widget\" data-widget_type=\"heading.default\">\n\t\t\t\t<div class=\"elementor-widget-container\">\n\t\t\t\t\t<h3 class=\"elementor-heading-title elementor-size-default\">Markee Serecin<\/h3>\t\t\t\t<\/div>\n\t\t\t\t<\/div>\n\t\t\t\t<div class=\"elementor-element elementor-element-44e41e0a elementor-widget-mobile__width-inherit elementor-widget elementor-widget-heading\" data-id=\"44e41e0a\" data-element_type=\"widget\" data-widget_type=\"heading.default\">\n\t\t\t\t<div class=\"elementor-widget-container\">\n\t\t\t\t\t<p class=\"elementor-heading-title elementor-size-default\">Charter Broker<\/p>\t\t\t\t<\/div>\n\t\t\t\t<\/div>\n\t\t\t\t<\/div>\n\t\t<div class=\"elementor-element elementor-element-220f9f67 e-con-full e-flex e-con e-child\" data-id=\"220f9f67\" data-element_type=\"container\">\n\t\t\t\t<div class=\"elementor-element elementor-element-4f1ce743 elementor-widget elementor-widget-image\" data-id=\"4f1ce743\" data-element_type=\"widget\" data-widget_type=\"image.default\">\n\t\t\t\t<div class=\"elementor-widget-container\">\n\t\t\t\t\t\t\t\t\t\t\t\t\t\t\t<img loading=\"lazy\" decoding=\"async\" width=\"800\" height=\"738\" src=\"https:\/\/www.superyachtchartermallorca.com\/wp-content\/uploads\/sites\/2\/2026\/03\/Fernando-web-2.jpg\" class=\"attachment-large size-large wp-image-2749\" alt=\"\" srcset=\"https:\/\/www.superyachtchartermallorca.com\/wp-content\/uploads\/sites\/2\/2026\/03\/Fernando-web-2.jpg 1020w, https:\/\/www.superyachtchartermallorca.com\/wp-content\/uploads\/sites\/2\/2026\/03\/Fernando-web-2-992x915.jpg 992w, https:\/\/www.superyachtchartermallorca.com\/wp-content\/uploads\/sites\/2\/2026\/03\/Fernando-web-2-576x531.jpg 576w, https:\/\/www.superyachtchartermallorca.com\/wp-content\/uploads\/sites\/2\/2026\/03\/Fernando-web-2-768x709.jpg 768w\" sizes=\"(max-width: 800px) 100vw, 800px\" \/>\t\t\t\t\t\t\t\t\t\t\t\t\t\t\t<\/div>\n\t\t\t\t<\/div>\n\t\t\t\t<div class=\"elementor-element elementor-element-1dd83508 elementor-widget-mobile__width-inherit elementor-widget elementor-widget-heading\" data-id=\"1dd83508\" data-element_type=\"widget\" data-widget_type=\"heading.default\">\n\t\t\t\t<div class=\"elementor-widget-container\">\n\t\t\t\t\t<h3 class=\"elementor-heading-title elementor-size-default\">Fernando Pe\u00f1as<\/h3>\t\t\t\t<\/div>\n\t\t\t\t<\/div>\n\t\t\t\t<div class=\"elementor-element elementor-element-53531f87 elementor-widget-mobile__width-inherit elementor-widget elementor-widget-heading\" data-id=\"53531f87\" data-element_type=\"widget\" data-widget_type=\"heading.default\">\n\t\t\t\t<div class=\"elementor-widget-container\">\n\t\t\t\t\t<p class=\"elementor-heading-title elementor-size-default\">Charter Broker<\/p>\t\t\t\t<\/div>\n\t\t\t\t<\/div>\n\t\t\t\t<\/div>\n\t\t\t\t\t<\/div>\n\t\t\t\t<\/div>\n\t\t\t\t<\/div>\n\t\t","protected":false},"excerpt":{"rendered":"<p>Nuestro Equipo Cada uno especialista en su campo. Conoce a nuestro equipo que combina a\u00f1os de experiencia gestionando charters y creando experiencias excepcionales. El verdadero lujo es que tu profesi\u00f3n sea tu vocaci\u00f3n Charter&amp;Dreams fue fundada en 2010 por 2 emprendedores apasionados por el mundo de los yates y el lujo: Judith Estrella y Joan [&hellip;]<\/p>\n","protected":false},"author":2,"featured_media":0,"parent":0,"menu_order":0,"comment_status":"closed","ping_status":"closed","template":"","meta":{"_acf_changed":false,"_joinchat":[],"footnotes":""},"class_list":["post-181","page","type-page","status-publish","hentry"],"acf":[],"_links":{"self":[{"href":"https:\/\/www.superyachtchartermallorca.com\/es\/wp-json\/wp\/v2\/pages\/181","targetHints":{"allow":["GET"]}}],"collection":[{"href":"https:\/\/www.superyachtchartermallorca.com\/es\/wp-json\/wp\/v2\/pages"}],"about":[{"href":"https:\/\/www.superyachtchartermallorca.com\/es\/wp-json\/wp\/v2\/types\/page"}],"author":[{"embeddable":true,"href":"https:\/\/www.superyachtchartermallorca.com\/es\/wp-json\/wp\/v2\/users\/2"}],"replies":[{"embeddable":true,"href":"https:\/\/www.superyachtchartermallorca.com\/es\/wp-json\/wp\/v2\/comments?post=181"}],"version-history":[{"count":37,"href":"https:\/\/www.superyachtchartermallorca.com\/es\/wp-json\/wp\/v2\/pages\/181\/revisions"}],"predecessor-version":[{"id":2762,"href":"https:\/\/www.superyachtchartermallorca.com\/es\/wp-json\/wp\/v2\/pages\/181\/revisions\/2762"}],"wp:attachment":[{"href":"https:\/\/www.superyachtchartermallorca.com\/es\/wp-json\/wp\/v2\/media?parent=181"}],"curies":[{"name":"wp","href":"https:\/\/api.w.org\/{rel}","templated":true}]}}